{"id":4850,"date":"2026-09-01T21:40:06","date_gmt":"2026-09-01T19:40:06","guid":{"rendered":"https:\/\/www.tharandter-gespraeche.de\/?page_id=4850"},"modified":"2026-09-01T22:13:32","modified_gmt":"2026-09-01T20:13:32","slug":"berufsmesse","status":"publish","type":"page","link":"https:\/\/www.tharandter-gespraeche.de\/en\/berufsmesse\/","title":{"rendered":"Berufsmesse"},"content":{"rendered":"<div style=\"height:34px\" aria-hidden=\"true\" class=\"wp-block-spacer\"><\/div>\n\n\n\n<h1 class=\"gb-headline gb-headline-f5830b1a gb-headline-text\">Verd\u00e4chtig gr\u00fcne Jobs &#8211; die Berufsmesse<\/h1>\n\n\n\n<div style=\"height:34px\" aria-hidden=\"true\" class=\"wp-block-spacer\"><\/div>\n\n\n\n<p class=\"wp-block-paragraph\">Dieses Jahr organisieren wir f\u00fcr euch erneut eine Berufsmesse. Ihr findet die St\u00e4nde im Foyer des <strong>Judeich-Baus<\/strong>.<\/p>\n\n\n\n<h2 class=\"gb-headline gb-headline-6caf5ec4 gb-headline-text\">Dieses Jahr sind mit dabei:<\/h2>\n\n\n\n<p class=\"wp-block-paragraph\">(Stand: 01.09.26)<\/p>\n\n\n<div class=\"gb-grid-wrapper gb-grid-wrapper-a8569dc8\">\n<div class=\"gb-grid-column gb-grid-column-b5e6594e\"><div class=\"gb-container gb-container-b5e6594e\">\n\n<figure class=\"gb-block-image gb-block-image-0dfc63e4\"><img loading=\"lazy\" decoding=\"async\" width=\"997\" height=\"865\" class=\"gb-image gb-image-0dfc63e4\" src=\"https:\/\/www.tharandter-gespraeche.de\/wp-content\/uploads\/2026\/09\/Bergwaldprojektlogo-screen.png\" alt=\"\" title=\"Bergwaldprojektlogo screen\" srcset=\"https:\/\/www.tharandter-gespraeche.de\/wp-content\/uploads\/2026\/09\/Bergwaldprojektlogo-screen.png 997w, https:\/\/www.tharandter-gespraeche.de\/wp-content\/uploads\/2026\/09\/Bergwaldprojektlogo-screen-300x260.png 300w, https:\/\/www.tharandter-gespraeche.de\/wp-content\/uploads\/2026\/09\/Bergwaldprojektlogo-screen-768x666.png 768w, https:\/\/www.tharandter-gespraeche.de\/wp-content\/uploads\/2026\/09\/Bergwaldprojektlogo-screen-14x12.png 14w\" sizes=\"auto, (max-width: 997px) 100vw, 997px\" \/><\/figure>\n\n\n\n<figure class=\"gb-block-image gb-block-image-8cf05bdb\"><img loading=\"lazy\" decoding=\"async\" width=\"2422\" height=\"1184\" class=\"gb-image gb-image-8cf05bdb\" src=\"https:\/\/www.tharandter-gespraeche.de\/wp-content\/uploads\/2026\/09\/HESSEN_Forst_CMYK_blau.jpg\" alt=\"\" title=\"HESSEN_Forst_CMYK_blau\" srcset=\"https:\/\/www.tharandter-gespraeche.de\/wp-content\/uploads\/2026\/09\/HESSEN_Forst_CMYK_blau.jpg 2422w, https:\/\/www.tharandter-gespraeche.de\/wp-content\/uploads\/2026\/09\/HESSEN_Forst_CMYK_blau-300x147.jpg 300w, https:\/\/www.tharandter-gespraeche.de\/wp-content\/uploads\/2026\/09\/HESSEN_Forst_CMYK_blau-1024x501.jpg 1024w, https:\/\/www.tharandter-gespraeche.de\/wp-content\/uploads\/2026\/09\/HESSEN_Forst_CMYK_blau-768x375.jpg 768w, https:\/\/www.tharandter-gespraeche.de\/wp-content\/uploads\/2026\/09\/HESSEN_Forst_CMYK_blau-1536x751.jpg 1536w, https:\/\/www.tharandter-gespraeche.de\/wp-content\/uploads\/2026\/09\/HESSEN_Forst_CMYK_blau-2048x1001.jpg 2048w, https:\/\/www.tharandter-gespraeche.de\/wp-content\/uploads\/2026\/09\/HESSEN_Forst_CMYK_blau-18x9.jpg 18w\" sizes=\"auto, (max-width: 2422px) 100vw, 2422px\" \/><\/figure>\n\n\n\n<figure class=\"gb-block-image gb-block-image-34d87a7f\"><img loading=\"lazy\" decoding=\"async\" width=\"2560\" height=\"914\" class=\"gb-image gb-image-34d87a7f\" src=\"https:\/\/www.tharandter-gespraeche.de\/wp-content\/uploads\/2026\/09\/Logo_Landesforst_MV_Langvariante_farbig_rgb-1-scaled.jpg\" alt=\"\" title=\"Logo_Landesforst_MV_Langvariante_farbig_rgb-1\" srcset=\"https:\/\/www.tharandter-gespraeche.de\/wp-content\/uploads\/2026\/09\/Logo_Landesforst_MV_Langvariante_farbig_rgb-1-scaled.jpg 2560w, https:\/\/www.tharandter-gespraeche.de\/wp-content\/uploads\/2026\/09\/Logo_Landesforst_MV_Langvariante_farbig_rgb-1-300x107.jpg 300w, https:\/\/www.tharandter-gespraeche.de\/wp-content\/uploads\/2026\/09\/Logo_Landesforst_MV_Langvariante_farbig_rgb-1-1024x366.jpg 1024w, https:\/\/www.tharandter-gespraeche.de\/wp-content\/uploads\/2026\/09\/Logo_Landesforst_MV_Langvariante_farbig_rgb-1-768x274.jpg 768w, https:\/\/www.tharandter-gespraeche.de\/wp-content\/uploads\/2026\/09\/Logo_Landesforst_MV_Langvariante_farbig_rgb-1-1536x548.jpg 1536w, https:\/\/www.tharandter-gespraeche.de\/wp-content\/uploads\/2026\/09\/Logo_Landesforst_MV_Langvariante_farbig_rgb-1-2048x731.jpg 2048w, https:\/\/www.tharandter-gespraeche.de\/wp-content\/uploads\/2026\/09\/Logo_Landesforst_MV_Langvariante_farbig_rgb-1-18x6.jpg 18w\" sizes=\"auto, (max-width: 2560px) 100vw, 2560px\" \/><\/figure>\n\n<\/div><\/div>\n\n<div class=\"gb-grid-column gb-grid-column-e66970ac\"><div class=\"gb-container gb-container-e66970ac\">\n\n<figure class=\"gb-block-image gb-block-image-54d4a1d8\"><img loading=\"lazy\" decoding=\"async\" width=\"1750\" height=\"417\" class=\"gb-image gb-image-54d4a1d8\" src=\"https:\/\/www.tharandter-gespraeche.de\/wp-content\/uploads\/2026\/09\/BundesForst_Logo_Standard_RGB_Dunkelgruen.png\" alt=\"\" title=\"BundesForst_Logo_Standard_RGB_Dunkelgruen\" srcset=\"https:\/\/www.tharandter-gespraeche.de\/wp-content\/uploads\/2026\/09\/BundesForst_Logo_Standard_RGB_Dunkelgruen.png 1750w, https:\/\/www.tharandter-gespraeche.de\/wp-content\/uploads\/2026\/09\/BundesForst_Logo_Standard_RGB_Dunkelgruen-300x71.png 300w, https:\/\/www.tharandter-gespraeche.de\/wp-content\/uploads\/2026\/09\/BundesForst_Logo_Standard_RGB_Dunkelgruen-1024x244.png 1024w, https:\/\/www.tharandter-gespraeche.de\/wp-content\/uploads\/2026\/09\/BundesForst_Logo_Standard_RGB_Dunkelgruen-768x183.png 768w, https:\/\/www.tharandter-gespraeche.de\/wp-content\/uploads\/2026\/09\/BundesForst_Logo_Standard_RGB_Dunkelgruen-1536x366.png 1536w, https:\/\/www.tharandter-gespraeche.de\/wp-content\/uploads\/2026\/09\/BundesForst_Logo_Standard_RGB_Dunkelgruen-18x4.png 18w\" sizes=\"auto, (max-width: 1750px) 100vw, 1750px\" \/><\/figure>\n\n\n\n<figure class=\"gb-block-image gb-block-image-e81dc19b\"><img loading=\"lazy\" decoding=\"async\" width=\"1674\" height=\"1013\" class=\"gb-image gb-image-e81dc19b\" src=\"https:\/\/www.tharandter-gespraeche.de\/wp-content\/uploads\/2026\/09\/Logo_GP-Sachsens-Mitte.jpg\" alt=\"\" title=\"Logo_GP Sachsens Mitte\" srcset=\"https:\/\/www.tharandter-gespraeche.de\/wp-content\/uploads\/2026\/09\/Logo_GP-Sachsens-Mitte.jpg 1674w, https:\/\/www.tharandter-gespraeche.de\/wp-content\/uploads\/2026\/09\/Logo_GP-Sachsens-Mitte-300x182.jpg 300w, https:\/\/www.tharandter-gespraeche.de\/wp-content\/uploads\/2026\/09\/Logo_GP-Sachsens-Mitte-1024x620.jpg 1024w, https:\/\/www.tharandter-gespraeche.de\/wp-content\/uploads\/2026\/09\/Logo_GP-Sachsens-Mitte-768x465.jpg 768w, https:\/\/www.tharandter-gespraeche.de\/wp-content\/uploads\/2026\/09\/Logo_GP-Sachsens-Mitte-1536x929.jpg 1536w, https:\/\/www.tharandter-gespraeche.de\/wp-content\/uploads\/2026\/09\/Logo_GP-Sachsens-Mitte-18x12.jpg 18w\" sizes=\"auto, (max-width: 1674px) 100vw, 1674px\" \/><\/figure>\n\n\n\n<figure class=\"gb-block-image gb-block-image-b772d4aa\"><img loading=\"lazy\" decoding=\"async\" width=\"2560\" height=\"1142\" class=\"gb-image gb-image-b772d4aa\" src=\"https:\/\/www.tharandter-gespraeche.de\/wp-content\/uploads\/2026\/09\/LMBV_Logo_farbig-scaled.jpg\" alt=\"\" title=\"LMBV_Logo_farbig\" srcset=\"https:\/\/www.tharandter-gespraeche.de\/wp-content\/uploads\/2026\/09\/LMBV_Logo_farbig-scaled.jpg 2560w, https:\/\/www.tharandter-gespraeche.de\/wp-content\/uploads\/2026\/09\/LMBV_Logo_farbig-300x134.jpg 300w, https:\/\/www.tharandter-gespraeche.de\/wp-content\/uploads\/2026\/09\/LMBV_Logo_farbig-1024x457.jpg 1024w, https:\/\/www.tharandter-gespraeche.de\/wp-content\/uploads\/2026\/09\/LMBV_Logo_farbig-768x342.jpg 768w, https:\/\/www.tharandter-gespraeche.de\/wp-content\/uploads\/2026\/09\/LMBV_Logo_farbig-1536x685.jpg 1536w, https:\/\/www.tharandter-gespraeche.de\/wp-content\/uploads\/2026\/09\/LMBV_Logo_farbig-2048x913.jpg 2048w, https:\/\/www.tharandter-gespraeche.de\/wp-content\/uploads\/2026\/09\/LMBV_Logo_farbig-18x8.jpg 18w\" sizes=\"auto, (max-width: 2560px) 100vw, 2560px\" \/><\/figure>\n\n\n\n<figure class=\"gb-block-image gb-block-image-79841e95\"><img loading=\"lazy\" decoding=\"async\" width=\"2560\" height=\"952\" class=\"gb-image gb-image-79841e95\" src=\"https:\/\/www.tharandter-gespraeche.de\/wp-content\/uploads\/2026\/09\/LogoSachsenforst_InternetXL_C95_M11_Y70_K48-scaled.jpg\" alt=\"\" title=\"LogoSachsenforst4C\" srcset=\"https:\/\/www.tharandter-gespraeche.de\/wp-content\/uploads\/2026\/09\/LogoSachsenforst_InternetXL_C95_M11_Y70_K48-scaled.jpg 2560w, https:\/\/www.tharandter-gespraeche.de\/wp-content\/uploads\/2026\/09\/LogoSachsenforst_InternetXL_C95_M11_Y70_K48-300x112.jpg 300w, https:\/\/www.tharandter-gespraeche.de\/wp-content\/uploads\/2026\/09\/LogoSachsenforst_InternetXL_C95_M11_Y70_K48-1024x381.jpg 1024w, https:\/\/www.tharandter-gespraeche.de\/wp-content\/uploads\/2026\/09\/LogoSachsenforst_InternetXL_C95_M11_Y70_K48-768x285.jpg 768w, https:\/\/www.tharandter-gespraeche.de\/wp-content\/uploads\/2026\/09\/LogoSachsenforst_InternetXL_C95_M11_Y70_K48-1536x571.jpg 1536w, https:\/\/www.tharandter-gespraeche.de\/wp-content\/uploads\/2026\/09\/LogoSachsenforst_InternetXL_C95_M11_Y70_K48-2048x761.jpg 2048w, https:\/\/www.tharandter-gespraeche.de\/wp-content\/uploads\/2026\/09\/LogoSachsenforst_InternetXL_C95_M11_Y70_K48-18x7.jpg 18w\" sizes=\"auto, (max-width: 2560px) 100vw, 2560px\" \/><\/figure>\n\n<\/div><\/div>\n\n<div class=\"gb-grid-column gb-grid-column-7b334764\"><div class=\"gb-container gb-container-7b334764\">\n\n<figure class=\"gb-block-image gb-block-image-54dd1948\"><img loading=\"lazy\" decoding=\"async\" width=\"872\" height=\"750\" class=\"gb-image gb-image-54dd1948\" src=\"https:\/\/www.tharandter-gespraeche.de\/wp-content\/uploads\/2026\/09\/forst_logo_hoch.png\" alt=\"\" title=\"forst_logo_hoch\" srcset=\"https:\/\/www.tharandter-gespraeche.de\/wp-content\/uploads\/2026\/09\/forst_logo_hoch.png 872w, https:\/\/www.tharandter-gespraeche.de\/wp-content\/uploads\/2026\/09\/forst_logo_hoch-300x258.png 300w, https:\/\/www.tharandter-gespraeche.de\/wp-content\/uploads\/2026\/09\/forst_logo_hoch-768x661.png 768w, https:\/\/www.tharandter-gespraeche.de\/wp-content\/uploads\/2026\/09\/forst_logo_hoch-14x12.png 14w\" sizes=\"auto, (max-width: 872px) 100vw, 872px\" \/><\/figure>\n\n\n\n<figure class=\"gb-block-image gb-block-image-ad9c9377\"><img loading=\"lazy\" decoding=\"async\" width=\"2000\" height=\"1500\" class=\"gb-image gb-image-ad9c9377\" src=\"https:\/\/www.tharandter-gespraeche.de\/wp-content\/uploads\/2026\/09\/neues-LOGO-Lightfoot-Harvesting-GmbH-3d-mockup.jpg\" alt=\"\" title=\"neues LOGO Lightfoot Harvesting GmbH 3d mockup\" srcset=\"https:\/\/www.tharandter-gespraeche.de\/wp-content\/uploads\/2026\/09\/neues-LOGO-Lightfoot-Harvesting-GmbH-3d-mockup.jpg 2000w, https:\/\/www.tharandter-gespraeche.de\/wp-content\/uploads\/2026\/09\/neues-LOGO-Lightfoot-Harvesting-GmbH-3d-mockup-300x225.jpg 300w, https:\/\/www.tharandter-gespraeche.de\/wp-content\/uploads\/2026\/09\/neues-LOGO-Lightfoot-Harvesting-GmbH-3d-mockup-1024x768.jpg 1024w, https:\/\/www.tharandter-gespraeche.de\/wp-content\/uploads\/2026\/09\/neues-LOGO-Lightfoot-Harvesting-GmbH-3d-mockup-768x576.jpg 768w, https:\/\/www.tharandter-gespraeche.de\/wp-content\/uploads\/2026\/09\/neues-LOGO-Lightfoot-Harvesting-GmbH-3d-mockup-1536x1152.jpg 1536w, https:\/\/www.tharandter-gespraeche.de\/wp-content\/uploads\/2026\/09\/neues-LOGO-Lightfoot-Harvesting-GmbH-3d-mockup-16x12.jpg 16w\" sizes=\"auto, (max-width: 2000px) 100vw, 2000px\" \/><\/figure>\n\n\n\n<figure class=\"gb-block-image gb-block-image-a16b9b85\"><img loading=\"lazy\" decoding=\"async\" width=\"1634\" height=\"451\" class=\"gb-image gb-image-a16b9b85\" src=\"https:\/\/www.tharandter-gespraeche.de\/wp-content\/uploads\/2026\/09\/Niedersaechsische-Landesforsten-HKS56.jpg\" alt=\"\" title=\"Nieders\u00e4chsische Landesforsten HKS56\" srcset=\"https:\/\/www.tharandter-gespraeche.de\/wp-content\/uploads\/2026\/09\/Niedersaechsische-Landesforsten-HKS56.jpg 1634w, https:\/\/www.tharandter-gespraeche.de\/wp-content\/uploads\/2026\/09\/Niedersaechsische-Landesforsten-HKS56-300x83.jpg 300w, https:\/\/www.tharandter-gespraeche.de\/wp-content\/uploads\/2026\/09\/Niedersaechsische-Landesforsten-HKS56-1024x283.jpg 1024w, https:\/\/www.tharandter-gespraeche.de\/wp-content\/uploads\/2026\/09\/Niedersaechsische-Landesforsten-HKS56-768x212.jpg 768w, https:\/\/www.tharandter-gespraeche.de\/wp-content\/uploads\/2026\/09\/Niedersaechsische-Landesforsten-HKS56-1536x424.jpg 1536w, https:\/\/www.tharandter-gespraeche.de\/wp-content\/uploads\/2026\/09\/Niedersaechsische-Landesforsten-HKS56-18x5.jpg 18w\" sizes=\"auto, (max-width: 1634px) 100vw, 1634px\" \/><\/figure>\n\n<\/div><\/div>\n<\/div>","protected":false},"excerpt":{"rendered":"<p>Verd\u00e4chtig gr\u00fcne Jobs &#8211; die Berufsmesse Dieses Jahr organisieren wir f\u00fcr euch erneut eine Berufsmesse. Ihr findet die St\u00e4nde im Foyer des Judeich-Baus. Dieses Jahr sind mit dabei: (Stand: 01.09.26)<\/p>","protected":false},"author":11,"featured_media":0,"parent":0,"menu_order":0,"comment_status":"closed","ping_status":"closed","template":"","meta":{"footnotes":""},"class_list":["post-4850","page","type-page","status-publish"],"_links":{"self":[{"href":"https:\/\/www.tharandter-gespraeche.de\/en\/wp-json\/wp\/v2\/pages\/4850","targetHints":{"allow":["GET"]}}],"collection":[{"href":"https:\/\/www.tharandter-gespraeche.de\/en\/wp-json\/wp\/v2\/pages"}],"about":[{"href":"https:\/\/www.tharandter-gespraeche.de\/en\/wp-json\/wp\/v2\/types\/page"}],"author":[{"embeddable":true,"href":"https:\/\/www.tharandter-gespraeche.de\/en\/wp-json\/wp\/v2\/users\/11"}],"replies":[{"embeddable":true,"href":"https:\/\/www.tharandter-gespraeche.de\/en\/wp-json\/wp\/v2\/comments?post=4850"}],"version-history":[{"count":7,"href":"https:\/\/www.tharandter-gespraeche.de\/en\/wp-json\/wp\/v2\/pages\/4850\/revisions"}],"predecessor-version":[{"id":4873,"href":"https:\/\/www.tharandter-gespraeche.de\/en\/wp-json\/wp\/v2\/pages\/4850\/revisions\/4873"}],"wp:attachment":[{"href":"https:\/\/www.tharandter-gespraeche.de\/en\/wp-json\/wp\/v2\/media?parent=4850"}],"curies":[{"name":"wp","href":"https:\/\/api.w.org\/{rel}","templated":true}]}}